{"id":15802,"date":"2015-04-14T09:54:45","date_gmt":"2015-04-14T09:54:45","guid":{"rendered":"https:\/\/www.dauris.com\/ueber-mich-kontakt\/"},"modified":"2023-02-22T16:44:01","modified_gmt":"2023-02-22T16:44:01","slug":"om-mig-kontakta","status":"publish","type":"page","link":"https:\/\/www.dauris.com\/sv\/om-mig-kontakta\/","title":{"rendered":"Om mig &#038; Kontakta"},"content":{"rendered":"<p>[vc_row css_animation=&#8221;&#8221; row_type=&#8221;row&#8221; use_row_as_full_screen_section=&#8221;no&#8221; type=&#8221;grid&#8221; angled_section=&#8221;no&#8221; text_align=&#8221;center&#8221; background_image_as_pattern=&#8221;without_pattern&#8221; padding_bottom=&#8221;30&#8243; css=&#8221;.vc_custom_1644345011083{margin-top: 40px !important;}&#8221; z_index=&#8221;&#8221;][vc_column width=&#8221;1\/2&#8243; css=&#8221;.vc_custom_1647981209154{margin-bottom: 40px !important;}&#8221;][vc_column_text]<\/p>\n<h2 style=\"text-align: left;\">Jag \u00e4r Dauri.<\/h2>\n<p style=\"text-align: left;\">Jag \u00e4r andlig l\u00e4rare och m\u00e4stare, mor och stenarnas mor, certifierad pedagog och terapeut.<\/p>\n<p style=\"text-align: left;\">Jag har alltid tyckt om att f\u00f6lja m\u00e4nniskor &#8211; att hj\u00e4lpa dem att komma i kontakt med sig sj\u00e4lva p\u00e5 ett s\u00e5dant s\u00e4tt att de vill leva sig sj\u00e4lva, kan se och g\u00e5 sin v\u00e4g inifr\u00e5n sig sj\u00e4lva och \u00e4r redo att genomf\u00f6ra de f\u00f6r\u00e4ndringar som kr\u00e4vs f\u00f6r detta.<\/p>\n<p style=\"text-align: left;\"><strong>Redan som barn var jag k\u00e4nslig och medveten om energi.<\/strong><\/p>\n<p style=\"text-align: left;\">Men sedan tog det n\u00e5gra \u00e5r innan jag verkligen f\u00f6rstod hur jag fungerade och kunde acceptera mig sj\u00e4lv i mitt s\u00e4tt att vara.<\/p>\n<p style=\"text-align: left;\">Den viktigaste upplevelsen var mitt deltagande i seminariet <a href=\"https:\/\/www.dauris.com\/sv\/portfolio_page\/vaegen-in-i-ljuset\/\">&#8221;V\u00e4gen in i ljuset&#8221;<\/a> med Agni Eickermann 1994\/95. Redan n\u00e4r jag h\u00f6ll flyern f\u00f6r seminariet i mina h\u00e4nder visste jag att jag hade kommit till jorden just f\u00f6r detta \u00e4ndam\u00e5l: att p\u00e5 nytt p\u00e5minna m\u00e4nniskorna om att de \u00e4r ljus och att st\u00f6dja dem i att uppt\u00e4cka sig sj\u00e4lva i denna tillvaro, s\u00e5 att de kan leva sig sj\u00e4lva fullt ut. D\u00e4rf\u00f6r var det helt naturligt f\u00f6r mig att f\u00f6lja vidareutbildningen via andlig r\u00e5dgivare och l\u00e4rare till m\u00e4stare i Agni-traditionen.<\/p>\n<p style=\"text-align: left;\">Redan i b\u00f6rjan av 90-talet uppt\u00e4ckte jag min djupa koppling och k\u00e4rlek till kristaller och stenar. De har lett mig till sin kunskap och l\u00e5tit mig ta del av sina krafter. De har f\u00f6ljt med mig under alla dessa \u00e5r och har snabbt blivit \u00e4lskade och uppskattade verktyg i mina seminarier och i mitt individuella arbete, d\u00e4r jag ocks\u00e5 s\u00e4ljer dem.<\/p>\n<p style=\"text-align: left;\">Idag \u00e4r jag helt enkelt glad n\u00e4r m\u00e4nniskor kommer n\u00e4rmare sig sj\u00e4lva i mina <a href=\"https:\/\/www.dauris.com\/sv\/portfolio_page\/behandlingar\/\">individuella sessioner<\/a>, n\u00e4r jag f\u00e5r utbilda dem till <a href=\"https:\/\/www.dauris.com\/sv\/portfolio_page\/stenarnas-ljus\/\">kristallhelare<\/a> och v\u00e4gleda dem p\u00e5 <a href=\"https:\/\/www.dauris.com\/sv\/portfolio_page\/vaegen-in-i-ljuset\/\">V\u00e4gen in i Ljuset<\/a> och <a href=\"https:\/\/www.dauris.com\/sv\/portfolio_page\/alpha-chi-consult\/\">ACC<\/a>.<\/p>\n<p>[\/vc_column_text][\/vc_column][vc_column width=&#8221;1\/2&#8243;][vc_single_image image=&#8221;15853&#8243; img_size=&#8221;400&#215;533&#8243; alignment=&#8221;center&#8221; qode_css_animation=&#8221;&#8221;][\/vc_column][\/vc_row][vc_row css_animation=&#8221;&#8221; row_type=&#8221;row&#8221; use_row_as_full_screen_section=&#8221;no&#8221; type=&#8221;grid&#8221; angled_section=&#8221;no&#8221; text_align=&#8221;center&#8221; background_image_as_pattern=&#8221;without_pattern&#8221; padding_bottom=&#8221;30&#8243; css=&#8221;.vc_custom_1644346105600{margin-top: 40px !important;}&#8221; z_index=&#8221;&#8221;][vc_column width=&#8221;1\/2&#8243; css=&#8221;.vc_custom_1647981217934{margin-bottom: 40px !important;}&#8221;][vc_single_image image=&#8221;16315&#8243; img_size=&#8221;300&#215;400&#8243; alignment=&#8221;center&#8221; onclick=&#8221;link_image&#8221; qode_css_animation=&#8221;&#8221;][\/vc_column][vc_column width=&#8221;1\/2&#8243;][vc_column_text]<\/p>\n<h2>Kontakta<\/h2>\n<p>Dauri Neumann<\/p>\n<p>E-post: <a href=\"mailto:info@dauris.com\">info@dauris.com<\/a><\/p>\n<p>Telefon: +33.632.07.66.35<\/p>\n<p>[\/vc_column_text][\/vc_column][\/vc_row]<\/p>\n","protected":false},"excerpt":{"rendered":"<p>[vc_row css_animation=&#8221;&#8221; row_type=&#8221;row&#8221; use_row_as_full_screen_section=&#8221;no&#8221; type=&#8221;grid&#8221; angled_section=&#8221;no&#8221; text_align=&#8221;center&#8221; background_image_as_pattern=&#8221;without_pattern&#8221; padding_bottom=&#8221;30&#8243; css=&#8221;.vc_custom_1644345011083{margin-top: 40px !important;}&#8221; z_index=&#8221;&#8221;][vc_column width=&#8221;1\/2&#8243; css=&#8221;.vc_custom_1647981209154{margin-bottom: 40px !important;}&#8221;][vc_column_text] Jag \u00e4r Dauri. Jag \u00e4r andlig l\u00e4rare och m\u00e4stare, mor och stenarnas mor, certifierad pedagog och terapeut. Jag har alltid tyckt om att f\u00f6lja m\u00e4nniskor &#8211; att hj\u00e4lpa&#8230;<\/p>\n","protected":false},"author":1,"featured_media":0,"parent":0,"menu_order":0,"comment_status":"open","ping_status":"open","template":"full_width.php","meta":{"footnotes":""},"class_list":["post-15802","page","type-page","status-publish","hentry"],"aioseo_notices":[],"_links":{"self":[{"href":"https:\/\/www.dauris.com\/sv\/wp-json\/wp\/v2\/pages\/15802","targetHints":{"allow":["GET"]}}],"collection":[{"href":"https:\/\/www.dauris.com\/sv\/wp-json\/wp\/v2\/pages"}],"about":[{"href":"https:\/\/www.dauris.com\/sv\/wp-json\/wp\/v2\/types\/page"}],"author":[{"embeddable":true,"href":"https:\/\/www.dauris.com\/sv\/wp-json\/wp\/v2\/users\/1"}],"replies":[{"embeddable":true,"href":"https:\/\/www.dauris.com\/sv\/wp-json\/wp\/v2\/comments?post=15802"}],"version-history":[{"count":10,"href":"https:\/\/www.dauris.com\/sv\/wp-json\/wp\/v2\/pages\/15802\/revisions"}],"predecessor-version":[{"id":16448,"href":"https:\/\/www.dauris.com\/sv\/wp-json\/wp\/v2\/pages\/15802\/revisions\/16448"}],"wp:attachment":[{"href":"https:\/\/www.dauris.com\/sv\/wp-json\/wp\/v2\/media?parent=15802"}],"curies":[{"name":"wp","href":"https:\/\/api.w.org\/{rel}","templated":true}]}}